{"id":101,"date":"2007-01-05T10:22:54","date_gmt":"2007-01-05T09:22:54","guid":{"rendered":"http:\/\/www.rainer-rilling.de\/blog\/?page_id=101"},"modified":"2018-09-21T11:13:28","modified_gmt":"2018-09-21T11:13:28","slug":"foto","status":"publish","type":"page","link":"https:\/\/www.rainer-rilling.de\/blog\/?page_id=101","title":{"rendered":"LebensLauf"},"content":{"rendered":"<p><strong>1945<\/strong> Geboren Stetten i.R.<br \/>\n<strong>1952-1966<\/strong> Volksschule in Stuttgart, Untert\u00fcrkheim, Leutenbach und Waiblingen;<br \/>\n<strong>1956-1966<\/strong> Besuch Gymnasium Waiblingen<br \/>\n<strong>1966-1973<\/strong> Studium der Politikwissenschaft, Soziologie und Neueren Geschichte an der Universit\u00e4t Marburg.<br \/>\n<strong>1969-1973<\/strong> T\u00e4tigkeit als Tutor in Soziologie und Physikalischer Chemie<br \/>\n<strong>1973<\/strong> Promotion an der Universit\u00e4t Bremen zum Dr.rer.pol. mit der Dissertation &#8222;R\u00fcstungsforschung und R\u00fcstungspolitik und Probleme der Wissenschaftsentwicklung in Systemen unterschiedlicher Gesellschaftsordnung&#8220; mit der Bewertung &#8222;summa cum laude&#8220;<br \/>\n<strong>1974<\/strong> Wissenschaftlicher Angestellter am FB Gesellschaftswissenschaften an der Universit\u00e4t Marburg. Berufung zum Dozenten f\u00fcr Soziologie<br \/>\n<strong>1980<\/strong> Habilitation und Berufung zum Privatdozent f\u00fcr Soziologie an der Universit\u00e4t Marburg<br \/>\n<strong>1980-2006<\/strong> Lehrveranstaltungen als Privatdozent f\u00fcr Soziologie am Fachbereich Gesellschaftswissenschaften und Philosophie der Universit\u00e4t Marburg<br \/>\n<strong>1980-1982<\/strong> Arbeitslos<br \/>\n<strong>1979-1985<\/strong> T\u00e4tigkeit als Lehrbeauftragter am FB Gesellschaftswissenschaften der Universit\u00e4t Marburg und des Instituts f\u00fcr Soziologie der Universit\u00e4t M\u00fcnster<br \/>\n<strong>1982<\/strong> Aufenthalt als European Visiting Scholar der International Studies Association am F.Byrnes Center an der University of South Carolina in Columbia (USA)<br \/>\n<strong>1974-2008<\/strong> Durchf\u00fchrung von \u00fcber 90 Lehrveranstaltungen zu Themenbereichen aus der Politischen Soziologie, Wissenschaftsforschung und Friedensforschung; mehrere Studien- und Forschungsaufenthalte in den USA und England<br \/>\n<strong>1994-1996<\/strong> Entwicklung und Implementierung eines WWW-Servers zur Friedensforschung am Institut f\u00fcr Soziologie der Universit\u00e4t M\u00fcnster, verbunden mit Lehrauftr\u00e4gen (1994-1996) zum Thema Internet.<br \/>\n<strong>1996-1998<\/strong> Aufbau des <em>WplusP<\/em>-Webkatalogs, Mitarbeit am EPS-Projekt (M\u00fcnster)<\/p>\n<p><strong>1983-1998<\/strong> Gesch\u00e4ftsf\u00fchrer des <em>Bundes demokratischer Wissenschaftlerinnen und Wissenschaftler<\/em><br \/>\n<strong>1999-2011<\/strong> zun\u00e4chst Leitung des <em>Bereichs Forschung und Information der Rosa-Luxemburg-Stiftung<\/em> (Berlin); sodann Mitglied in der <em>Projektgruppe Wissenschaft und Politik<\/em> sowie T\u00e4tigkeit als wiss. Referent im <em>Bereich Politikanalyse<\/em> der RLS ( seit November <strong>2008<\/strong>:\u00a0 <em>Institut f\u00fcr Gesellschaftsanalyse<\/em> der RLS)<\/p>\n<p><strong>1990-1998<\/strong> Vorstandsmitglied der <em>Forschungs- Informations- und Bildungsstelle beim BdWi<\/em><br \/>\n<strong>1989-2002<\/strong> Vorstandsmitglied der <em>Informationsstelle Wissenschaft und Frieden<\/em>, Bonn<br \/>\n<strong>1983-2011<\/strong> Mitherausgeber (1983ff.) bzw. Beiratsmitglied (1998ff.) des &#8222;<em>Informationsdienstes Wissenschaft und Frieden<\/em>&#8220; (sp\u00e4ter &#8222;<em>W&amp;F<\/em>&#8222;), der &#8222;<em>Schriftenreihe Wissenschaft und Frieden<\/em>&#8220; (bis 1998) sowie der &#8222;<em>Bl\u00e4tter f\u00fcr deutsche und internationale Politik<\/em>&#8220; (Mitherausgeber seit 1983); Redakteur der Zeitschrift &#8222;<em>Forum Wissenschaft<\/em>&#8220; (bis 1996)<br \/>\n<strong>2009ff<\/strong>: Mitglied der Redaktion der Zeitschrift Lu<span style=\"color: #ff0000;\">X<\/span>emburg<br \/>\n<strong>2002<\/strong> Ernennung zum ausserplanm\u00e4\u00dfigen Professor f\u00fcr Soziologie an der Philipps-Universit\u00e4t Marburg<br \/>\n<strong>2012ff.<\/strong> Fellow der Rosa Luxemburg Stiftung<br \/>\n<strong>2015-2019<\/strong>\u00a0Mitglied des Vorstandes der Rosa Luxemburg Stiftung<\/p>\n<p><strong>Mitgliedschaften<\/strong><em>: Deutsche Gesellschaft f\u00fcr Soziologie, NaturwissenschaftlerInnen-Initiative f\u00fcr Frieden und Zukunftsf\u00e4higkeit, AMW, Ver.di, Bund demokratischer WissenschaftlerInnen, RLS &#8211; Verein, wissentransfer (Beirat), Stiftung gegenStand (Vorstand), LinksNet (Beirat), Assoziation f\u00fcr kritische Gesellschaftsforschung (AkG) sowie wissenschaftlicher Beirat von attac.<br \/>\n<\/em><\/p>\n<p><strong>Forschungsthemen und Arbeitsgebiete<\/strong>:<br \/>\nZun\u00e4chst in der Tradition der Marburger Schule auf dem Gebiet der Politische Soziologie (Analyse des Neofaschismus (NPD) und der staatssozialistischen Gesellschaften), in der\u00a0 Folgezeit in der Wissenschaftssoziologie, Friedensforschung und der politischen Soziologie der Kommunikation, insbesondere des Internet. Im letzten Jahrzehnt lag der Schwerpunkt auf der politischen \u00d6konomie des Eigentums (Commons, Das \u00d6ffentliche) und des Gegenwartskapitalismus, Internationale Beziehungen (mit Schwerpunkt USA und auf der Debatte um das \u201eEmpire\u201c). Durchg\u00e4ngig bis eher sporadisch auch auf Fragen der\u00a0 Entwicklung der politischen Linken in der Bundesrepublik.<\/p>\n","protected":false},"excerpt":{"rendered":"<p>1945 Geboren Stetten i.R. 1952-1966 Volksschule in Stuttgart, Untert\u00fcrkheim, Leutenbach und Waiblingen; 1956-1966 Besuch Gymnasium Waiblingen 1966-1973 Studium der Politikwissenschaft, Soziologie und Neueren Geschichte an der Universit\u00e4t Marburg. 1969-1973 T\u00e4tigkeit als Tutor in Soziologie und Physikalischer Chemie 1973 Promotion an der Universit\u00e4t Bremen zum Dr.rer.pol. mit der Dissertation &#8222;R\u00fcstungsforschung und R\u00fcstungspolitik und Probleme der Wissenschaftsentwicklung &hellip; <\/p>\n<p class=\"link-more\"><a href=\"https:\/\/www.rainer-rilling.de\/blog\/?page_id=101\" class=\"more-link\"><span class=\"screen-reader-text\">\u201eLebensLauf\u201c<\/span> weiterlesen<\/a><\/p>\n","protected":false},"author":1,"featured_media":0,"parent":0,"menu_order":2,"comment_status":"closed","ping_status":"open","template":"","meta":{"footnotes":""},"class_list":["post-101","page","type-page","status-publish","hentry"],"_links":{"self":[{"href":"https:\/\/www.rainer-rilling.de\/blog\/index.php?rest_route=\/wp\/v2\/pages\/101","targetHints":{"allow":["GET"]}}],"collection":[{"href":"https:\/\/www.rainer-rilling.de\/blog\/index.php?rest_route=\/wp\/v2\/pages"}],"about":[{"href":"https:\/\/www.rainer-rilling.de\/blog\/index.php?rest_route=\/wp\/v2\/types\/page"}],"author":[{"embeddable":true,"href":"https:\/\/www.rainer-rilling.de\/blog\/index.php?rest_route=\/wp\/v2\/users\/1"}],"replies":[{"embeddable":true,"href":"https:\/\/www.rainer-rilling.de\/blog\/index.php?rest_route=%2Fwp%2Fv2%2Fcomments&post=101"}],"version-history":[{"count":25,"href":"https:\/\/www.rainer-rilling.de\/blog\/index.php?rest_route=\/wp\/v2\/pages\/101\/revisions"}],"predecessor-version":[{"id":3557,"href":"https:\/\/www.rainer-rilling.de\/blog\/index.php?rest_route=\/wp\/v2\/pages\/101\/revisions\/3557"}],"wp:attachment":[{"href":"https:\/\/www.rainer-rilling.de\/blog\/index.php?rest_route=%2Fwp%2Fv2%2Fmedia&parent=101"}],"curies":[{"name":"wp","href":"https:\/\/api.w.org\/{rel}","templated":true}]}}